{"id":191,"date":"2024-11-09T01:33:30","date_gmt":"2024-11-09T04:33:30","guid":{"rendered":"https:\/\/despertares.ar\/publicaciones\/colibri-wp"},"modified":"2026-09-04T03:49:37","modified_gmt":"2026-09-04T06:49:37","slug":"sobre-nora-ga","status":"publish","type":"page","link":"https:\/\/despertares.ar\/publicaciones\/","title":{"rendered":"Sobre Nora Ga"},"content":{"rendered":"\n<div class=\"wp-block-group\"><div class=\"wp-block-group__inner-container is-layout-constrained wp-block-group-is-layout-constrained\"><div class=\"wp-block-image\">\n<figure class=\"aligncenter size-full is-resized\"><img loading=\"lazy\" decoding=\"async\" width=\"896\" height=\"1200\" src=\"https:\/\/despertares.ar\/publicaciones\/wp-content\/uploads\/2026\/05\/image_58445179.png\" alt=\"\" class=\"wp-image-4347\" style=\"width:402px;height:auto\" srcset=\"https:\/\/despertares.ar\/publicaciones\/wp-content\/uploads\/2026\/05\/image_58445179.png 896w, https:\/\/despertares.ar\/publicaciones\/wp-content\/uploads\/2026\/05\/image_58445179-300x402.png 300w, https:\/\/despertares.ar\/publicaciones\/wp-content\/uploads\/2026\/05\/image_58445179-224x300.png 224w, https:\/\/despertares.ar\/publicaciones\/wp-content\/uploads\/2026\/05\/image_58445179-765x1024.png 765w, https:\/\/despertares.ar\/publicaciones\/wp-content\/uploads\/2026\/05\/image_58445179-768x1029.png 768w, https:\/\/despertares.ar\/publicaciones\/wp-content\/uploads\/2026\/05\/image_58445179-100x134.png 100w, https:\/\/despertares.ar\/publicaciones\/wp-content\/uploads\/2026\/05\/image_58445179-150x201.png 150w, https:\/\/despertares.ar\/publicaciones\/wp-content\/uploads\/2026\/05\/image_58445179-200x268.png 200w, https:\/\/despertares.ar\/publicaciones\/wp-content\/uploads\/2026\/05\/image_58445179-450x603.png 450w, https:\/\/despertares.ar\/publicaciones\/wp-content\/uploads\/2026\/05\/image_58445179-600x804.png 600w\" sizes=\"auto, (max-width: 896px) 100vw, 896px\" \/><\/figure>\n<\/div>\n\n\n<p class=\"wp-block-paragraph\">\u00a1Aloha!, soy Nora, sagitariana con ascendente en Acuario, transitando como muchos, historias de vida\u2026<\/p>\n\n\n\n<p class=\"wp-block-paragraph\">Al tener una enfermedad al limite en el 2014 hizo comenzar mi despertar de consciencia, y de all\u00ed, mi consciencia comenz\u00f3 a preguntarse, \u00bfque hago en este planeta y que hago con mi vida?, decidi explorar, leer, estudiar, desde lo autodidactico y comprender como se conforma la consciencia , todo lo que vamos experimentando en la vida y en el dia a dia.<\/p>\n\n\n\n<p class=\"wp-block-paragraph\">Agradecer cada amanacer: es la gratitud del comenzar a comprender, mi yo soy, yo soy el que soy, es la esencia divina desde eones de vidas.<\/p>\n\n\n\n<p class=\"wp-block-paragraph\">Elevar las frecuencias de mi ser, cayendo, levantandome y dejando muchas tristezas, culpas, y darme cuenta, que soy yo misma la creadora de todo mi campo y asi ser un rio catalizador de frecuencias.<\/p>\n\n\n\n<p class=\"wp-block-paragraph\">Y asi estar al servicio a todas las personas que transitan a traves de &nbsp;las terapias alternativas, holisticas , y llevarnos a la ense\u00f1anza de ser uno con el universo y trascender nuestro cuerpo denso fisico en elevacion de frecuencias, para este planeta Gaia, Urantia, Terra , Tierra, &nbsp;que va evolucionando.<\/p>\n<\/div><\/div>\n\n\n\n<blockquote class=\"wp-block-quote is-layout-flow wp-block-quote-is-layout-flow\">\n<p class=\"wp-block-paragraph\">Todo es, todo somos, en unidad<\/p>\n<\/blockquote>\n\n\n\n<div style=\"height:100px\" aria-hidden=\"true\" class=\"wp-block-spacer\"><\/div>\n\n\n\n<div class=\"wp-block-group\"><div class=\"wp-block-group__inner-container is-layout-constrained wp-block-group-is-layout-constrained\">\n<h2 class=\"wp-block-heading has-text-align-center\">TRABAJO INTERNO<\/h2>\n\n\n\n<p class=\"wp-block-paragraph\">En estas fotos ver\u00e1n las frecuencias que entran en mi cuerpo, enviadas por el sol, en fotones creando el campo electromagn\u00e9tico.<\/p>\n\n\n\n<figure class=\"wp-block-gallery has-nested-images columns-default wp-block-gallery-1 is-layout-flex wp-block-gallery-is-layout-flex\">\n<figure class=\"wp-block-image size-large\"><img loading=\"lazy\" decoding=\"async\" width=\"1200\" height=\"1600\" data-id=\"298\" src=\"https:\/\/despertares.ar\/publicaciones\/wp-content\/uploads\/2024\/11\/IMG_20201214_185252.jpg\" alt=\"\" class=\"wp-image-298\" srcset=\"https:\/\/despertares.ar\/publicaciones\/wp-content\/uploads\/2024\/11\/IMG_20201214_185252.jpg 1200w, https:\/\/despertares.ar\/publicaciones\/wp-content\/uploads\/2024\/11\/IMG_20201214_185252-300x400.jpg 300w\" sizes=\"auto, (max-width: 1200px) 100vw, 1200px\" \/><\/figure>\n\n\n\n<figure class=\"wp-block-image size-large\"><img loading=\"lazy\" decoding=\"async\" width=\"1200\" height=\"1600\" data-id=\"301\" src=\"https:\/\/despertares.ar\/publicaciones\/wp-content\/uploads\/2024\/11\/IMG_20201216_071223.jpg\" alt=\"\" class=\"wp-image-301\" srcset=\"https:\/\/despertares.ar\/publicaciones\/wp-content\/uploads\/2024\/11\/IMG_20201216_071223.jpg 1200w, https:\/\/despertares.ar\/publicaciones\/wp-content\/uploads\/2024\/11\/IMG_20201216_071223-300x400.jpg 300w\" sizes=\"auto, (max-width: 1200px) 100vw, 1200px\" \/><\/figure>\n\n\n\n<figure class=\"wp-block-image size-large\"><img loading=\"lazy\" decoding=\"async\" width=\"1920\" height=\"2560\" data-id=\"302\" src=\"https:\/\/despertares.ar\/publicaciones\/wp-content\/uploads\/2024\/11\/IMG_20210811_172534.jpg\" alt=\"\" class=\"wp-image-302\" srcset=\"https:\/\/despertares.ar\/publicaciones\/wp-content\/uploads\/2024\/11\/IMG_20210811_172534.jpg 1920w, https:\/\/despertares.ar\/publicaciones\/wp-content\/uploads\/2024\/11\/IMG_20210811_172534-300x400.jpg 300w\" sizes=\"auto, (max-width: 1920px) 100vw, 1920px\" \/><\/figure>\n\n\n\n<figure class=\"wp-block-image size-large\"><img decoding=\"async\" data-id=\"304\" src=\"https:\/\/despertares.ar\/publicaciones\/wp-content\/uploads\/2024\/11\/IMG_20230610_081443971.jpg\" alt=\"\" class=\"wp-image-304\"\/><\/figure>\n\n\n\n<figure class=\"wp-block-image size-large\"><img loading=\"lazy\" decoding=\"async\" width=\"576\" height=\"576\" data-id=\"297\" src=\"https:\/\/despertares.ar\/publicaciones\/wp-content\/uploads\/2024\/11\/IMG_20240713_120340_759.webp\" alt=\"\" class=\"wp-image-297\" srcset=\"https:\/\/despertares.ar\/publicaciones\/wp-content\/uploads\/2024\/11\/IMG_20240713_120340_759.webp 576w, https:\/\/despertares.ar\/publicaciones\/wp-content\/uploads\/2024\/11\/IMG_20240713_120340_759-300x300.webp 300w, https:\/\/despertares.ar\/publicaciones\/wp-content\/uploads\/2024\/11\/IMG_20240713_120340_759-100x100.webp 100w\" sizes=\"auto, (max-width: 576px) 100vw, 576px\" \/><\/figure>\n\n\n\n<figure class=\"wp-block-image size-large\"><img loading=\"lazy\" decoding=\"async\" width=\"1104\" height=\"1472\" data-id=\"299\" src=\"https:\/\/despertares.ar\/publicaciones\/wp-content\/uploads\/2024\/11\/IMG-20230806-WA0037.jpg\" alt=\"\" class=\"wp-image-299\" srcset=\"https:\/\/despertares.ar\/publicaciones\/wp-content\/uploads\/2024\/11\/IMG-20230806-WA0037.jpg 1104w, https:\/\/despertares.ar\/publicaciones\/wp-content\/uploads\/2024\/11\/IMG-20230806-WA0037-300x400.jpg 300w\" sizes=\"auto, (max-width: 1104px) 100vw, 1104px\" \/><\/figure>\n\n\n\n<figure class=\"wp-block-image size-large\"><img loading=\"lazy\" decoding=\"async\" width=\"720\" height=\"1280\" data-id=\"300\" src=\"https:\/\/despertares.ar\/publicaciones\/wp-content\/uploads\/2024\/11\/IMG-20241027-WA0008.jpg\" alt=\"\" class=\"wp-image-300\" srcset=\"https:\/\/despertares.ar\/publicaciones\/wp-content\/uploads\/2024\/11\/IMG-20241027-WA0008.jpg 720w, https:\/\/despertares.ar\/publicaciones\/wp-content\/uploads\/2024\/11\/IMG-20241027-WA0008-300x533.jpg 300w\" sizes=\"auto, (max-width: 720px) 100vw, 720px\" \/><\/figure>\n<\/figure>\n\n\n\n<p class=\"wp-block-paragraph\">Las frecuencias, vibraci\u00f3n, son lo que somos, es importante elevar en nuestro campo y elevar mas en meditaci\u00f3n toroidal y ciclos de nuestras vidas, van cambiando cuando estamos en introspecci\u00f3n al ser uno.<\/p>\n\n\n\n<p class=\"wp-block-paragraph\">En meditaci\u00f3n o cuando uno duerme el cuerpo sigue su labor en otras esferas, planos, dimensiones y nos env\u00edan esos c\u00f3digos para plasmar en nosotros o plasmar en personas que deban ser asistidas para su sanaci\u00f3n.<\/p>\n\n\n\n<p class=\"wp-block-paragraph\">Recuerden solo sana el que realmente quiere, el libre albedr\u00edo no se toca.<\/p>\n\n\n\n<p class=\"wp-block-paragraph\">Todos somos uno y tenemos la capacidad de conectar con nuestra divinidad, ella esta en mi, no fuera, yo soy el que soy.<\/p>\n\n\n\n<p class=\"wp-block-paragraph\">Trabajar, meditar, comprender, traspasar el limite de la irrealidad, es la fuente de todo lo ES.<\/p>\n\n\n\n<p class=\"wp-block-paragraph\">Amor &nbsp;a nosotros mismos es la base de la pir\u00e1mide, construir, empatizar, ser humilde, misericordioso, amable, respetuoso ante nosotros mismos.<\/p>\n\n\n\n<p class=\"wp-block-paragraph\">Foto: Frecuencias y c\u00f3digos de luz<\/p>\n\n\n<div class=\"wp-block-image\">\n<figure class=\"aligncenter size-full is-resized\"><img loading=\"lazy\" decoding=\"async\" width=\"1920\" height=\"2560\" src=\"https:\/\/despertares.ar\/publicaciones\/wp-content\/uploads\/2024\/11\/IMG_20210916_152901.jpg\" alt=\"Frecuencias y c\u00f3digos de luz\" class=\"wp-image-303\" style=\"width:355px;height:auto\" srcset=\"https:\/\/despertares.ar\/publicaciones\/wp-content\/uploads\/2024\/11\/IMG_20210916_152901.jpg 1920w, https:\/\/despertares.ar\/publicaciones\/wp-content\/uploads\/2024\/11\/IMG_20210916_152901-300x400.jpg 300w\" sizes=\"auto, (max-width: 1920px) 100vw, 1920px\" \/><\/figure>\n<\/div>\n\n\n<p class=\"wp-block-paragraph\">Foto: Frecuencias y asistencia rayo violeta, Saint Germain<\/p>\n\n\n<div class=\"wp-block-image\">\n<figure class=\"aligncenter size-full is-resized\"><img loading=\"lazy\" decoding=\"async\" width=\"960\" height=\"1280\" src=\"https:\/\/despertares.ar\/publicaciones\/wp-content\/uploads\/2024\/11\/rese.jpg\" alt=\"Frecuencias y asistencia rayo violeta, Saint Germain\" class=\"wp-image-310\" style=\"width:344px;height:auto\" srcset=\"https:\/\/despertares.ar\/publicaciones\/wp-content\/uploads\/2024\/11\/rese.jpg 960w, https:\/\/despertares.ar\/publicaciones\/wp-content\/uploads\/2024\/11\/rese-300x400.jpg 300w\" sizes=\"auto, (max-width: 960px) 100vw, 960px\" \/><\/figure>\n<\/div>\n\n\n<p class=\"wp-block-paragraph\">En estas fotos, como llegan los c\u00f3digos de luz para plasmar en nuestro cuerpo y utilizar en el momento que se necesite.<\/p>\n\n\n\n<figure class=\"wp-block-gallery has-nested-images columns-default wp-block-gallery-2 is-layout-flex wp-block-gallery-is-layout-flex\">\n<figure class=\"wp-block-image size-large\"><img loading=\"lazy\" decoding=\"async\" width=\"1080\" height=\"1080\" data-id=\"312\" src=\"https:\/\/despertares.ar\/publicaciones\/wp-content\/uploads\/2024\/11\/7.jpg\" alt=\"\" class=\"wp-image-312\" srcset=\"https:\/\/despertares.ar\/publicaciones\/wp-content\/uploads\/2024\/11\/7.jpg 1080w, https:\/\/despertares.ar\/publicaciones\/wp-content\/uploads\/2024\/11\/7-300x300.jpg 300w, https:\/\/despertares.ar\/publicaciones\/wp-content\/uploads\/2024\/11\/7-100x100.jpg 100w\" sizes=\"auto, (max-width: 1080px) 100vw, 1080px\" \/><\/figure>\n\n\n\n<figure class=\"wp-block-image size-large\"><img loading=\"lazy\" decoding=\"async\" width=\"346\" height=\"352\" data-id=\"311\" src=\"https:\/\/despertares.ar\/publicaciones\/wp-content\/uploads\/2024\/11\/codigo-sagrado.png\" alt=\"\" class=\"wp-image-311\" srcset=\"https:\/\/despertares.ar\/publicaciones\/wp-content\/uploads\/2024\/11\/codigo-sagrado.png 346w, https:\/\/despertares.ar\/publicaciones\/wp-content\/uploads\/2024\/11\/codigo-sagrado-300x305.png 300w\" sizes=\"auto, (max-width: 346px) 100vw, 346px\" \/><\/figure>\n\n\n\n<figure class=\"wp-block-image size-large\"><img loading=\"lazy\" decoding=\"async\" width=\"1080\" height=\"1080\" data-id=\"313\" src=\"https:\/\/despertares.ar\/publicaciones\/wp-content\/uploads\/2024\/11\/frecuencia-5255.jpg\" alt=\"\" class=\"wp-image-313\" srcset=\"https:\/\/despertares.ar\/publicaciones\/wp-content\/uploads\/2024\/11\/frecuencia-5255.jpg 1080w, https:\/\/despertares.ar\/publicaciones\/wp-content\/uploads\/2024\/11\/frecuencia-5255-300x300.jpg 300w, https:\/\/despertares.ar\/publicaciones\/wp-content\/uploads\/2024\/11\/frecuencia-5255-100x100.jpg 100w\" sizes=\"auto, (max-width: 1080px) 100vw, 1080px\" \/><\/figure>\n<\/figure>\n<\/div><\/div>\n\n\n\n<div style=\"height:100px\" aria-hidden=\"true\" class=\"wp-block-spacer\"><\/div>\n\n\n\n<div class=\"wp-block-group\"><div class=\"wp-block-group__inner-container is-layout-constrained wp-block-group-is-layout-constrained\">\n<h2 class=\"wp-block-heading has-text-align-center\">CONOCIENDO PERSONAS<\/h2>\n\n\n\n<p class=\"wp-block-paragraph\">A trav\u00e9s del camino vamos tejiendo redes con nuestras hermanas almas y en ese transitar, <a href=\"https:\/\/despertares.ar\/publicaciones\/1149\" data-type=\"post\" data-id=\"1149\">Siris Romina<\/a> me a regalado uno de los or\u00edgenes estelares a trav\u00e9s de las frecuencias del p\u00e9ndulo.<\/p>\n\n\n<div class=\"wp-block-image\">\n<figure class=\"aligncenter size-full is-resized\"><img loading=\"lazy\" decoding=\"async\" width=\"960\" height=\"1280\" src=\"https:\/\/despertares.ar\/publicaciones\/wp-content\/uploads\/2024\/11\/IMG-20221107-WA0053-1.jpg\" alt=\"Foto: Pintura creada por Siris Romina\" class=\"wp-image-315\" style=\"width:253px;height:auto\" srcset=\"https:\/\/despertares.ar\/publicaciones\/wp-content\/uploads\/2024\/11\/IMG-20221107-WA0053-1.jpg 960w, https:\/\/despertares.ar\/publicaciones\/wp-content\/uploads\/2024\/11\/IMG-20221107-WA0053-1-300x400.jpg 300w\" sizes=\"auto, (max-width: 960px) 100vw, 960px\" \/><\/figure>\n<\/div>\n\n\n<p class=\"wp-block-paragraph\">Muchas almas a trav\u00e9s del arte c\u00f3smico, pintan los lugares de donde venimos, como <a href=\"https:\/\/instagram.com\/inaun.arte\">Sandra Pallone<\/a>.<\/p>\n\n\n\n<figure class=\"wp-block-gallery has-nested-images columns-default wp-block-gallery-3 is-layout-flex wp-block-gallery-is-layout-flex\">\n<figure class=\"wp-block-image size-large\"><img loading=\"lazy\" decoding=\"async\" width=\"1024\" height=\"727\" data-id=\"5315\" src=\"https:\/\/despertares.ar\/publicaciones\/wp-content\/uploads\/2026\/08\/cuadro-sandra-pallone-citta-arcobalente-70x50-recortada-1024x727.jpg\" alt=\"Foto: Cuadro Citt\u00e0 arcobalente de Sandra Pallone\" class=\"wp-image-5315\" srcset=\"https:\/\/despertares.ar\/publicaciones\/wp-content\/uploads\/2026\/08\/cuadro-sandra-pallone-citta-arcobalente-70x50-recortada-1024x727.jpg 1024w, https:\/\/despertares.ar\/publicaciones\/wp-content\/uploads\/2026\/08\/cuadro-sandra-pallone-citta-arcobalente-70x50-recortada-300x213.jpg 300w, https:\/\/despertares.ar\/publicaciones\/wp-content\/uploads\/2026\/08\/cuadro-sandra-pallone-citta-arcobalente-70x50-recortada-768x545.jpg 768w, https:\/\/despertares.ar\/publicaciones\/wp-content\/uploads\/2026\/08\/cuadro-sandra-pallone-citta-arcobalente-70x50-recortada-1536x1090.jpg 1536w, https:\/\/despertares.ar\/publicaciones\/wp-content\/uploads\/2026\/08\/cuadro-sandra-pallone-citta-arcobalente-70x50-recortada-2048x1454.jpg 2048w, https:\/\/despertares.ar\/publicaciones\/wp-content\/uploads\/2026\/08\/cuadro-sandra-pallone-citta-arcobalente-70x50-recortada-100x71.jpg 100w, https:\/\/despertares.ar\/publicaciones\/wp-content\/uploads\/2026\/08\/cuadro-sandra-pallone-citta-arcobalente-70x50-recortada-150x106.jpg 150w, https:\/\/despertares.ar\/publicaciones\/wp-content\/uploads\/2026\/08\/cuadro-sandra-pallone-citta-arcobalente-70x50-recortada-200x142.jpg 200w, https:\/\/despertares.ar\/publicaciones\/wp-content\/uploads\/2026\/08\/cuadro-sandra-pallone-citta-arcobalente-70x50-recortada-450x319.jpg 450w, https:\/\/despertares.ar\/publicaciones\/wp-content\/uploads\/2026\/08\/cuadro-sandra-pallone-citta-arcobalente-70x50-recortada-600x426.jpg 600w, https:\/\/despertares.ar\/publicaciones\/wp-content\/uploads\/2026\/08\/cuadro-sandra-pallone-citta-arcobalente-70x50-recortada-900x639.jpg 900w\" sizes=\"auto, (max-width: 1024px) 100vw, 1024px\" \/><\/figure>\n\n\n\n<figure class=\"wp-block-image size-large is-style-default\"><img loading=\"lazy\" decoding=\"async\" width=\"765\" height=\"1024\" data-id=\"5314\" src=\"https:\/\/despertares.ar\/publicaciones\/wp-content\/uploads\/2026\/08\/cuadro-sandra-pallone-mirando-el-cielo-30x40-recortada-765x1024.jpg\" alt=\"Foto: Cuadro Mirando el cielo por Sandra Pallone\" class=\"wp-image-5314\" srcset=\"https:\/\/despertares.ar\/publicaciones\/wp-content\/uploads\/2026\/08\/cuadro-sandra-pallone-mirando-el-cielo-30x40-recortada-765x1024.jpg 765w, https:\/\/despertares.ar\/publicaciones\/wp-content\/uploads\/2026\/08\/cuadro-sandra-pallone-mirando-el-cielo-30x40-recortada-224x300.jpg 224w, https:\/\/despertares.ar\/publicaciones\/wp-content\/uploads\/2026\/08\/cuadro-sandra-pallone-mirando-el-cielo-30x40-recortada-768x1027.jpg 768w, https:\/\/despertares.ar\/publicaciones\/wp-content\/uploads\/2026\/08\/cuadro-sandra-pallone-mirando-el-cielo-30x40-recortada-1148x1536.jpg 1148w, https:\/\/despertares.ar\/publicaciones\/wp-content\/uploads\/2026\/08\/cuadro-sandra-pallone-mirando-el-cielo-30x40-recortada-1531x2048.jpg 1531w, https:\/\/despertares.ar\/publicaciones\/wp-content\/uploads\/2026\/08\/cuadro-sandra-pallone-mirando-el-cielo-30x40-recortada-100x134.jpg 100w, https:\/\/despertares.ar\/publicaciones\/wp-content\/uploads\/2026\/08\/cuadro-sandra-pallone-mirando-el-cielo-30x40-recortada-150x201.jpg 150w, https:\/\/despertares.ar\/publicaciones\/wp-content\/uploads\/2026\/08\/cuadro-sandra-pallone-mirando-el-cielo-30x40-recortada-200x268.jpg 200w, https:\/\/despertares.ar\/publicaciones\/wp-content\/uploads\/2026\/08\/cuadro-sandra-pallone-mirando-el-cielo-30x40-recortada-300x401.jpg 300w, https:\/\/despertares.ar\/publicaciones\/wp-content\/uploads\/2026\/08\/cuadro-sandra-pallone-mirando-el-cielo-30x40-recortada-450x602.jpg 450w, https:\/\/despertares.ar\/publicaciones\/wp-content\/uploads\/2026\/08\/cuadro-sandra-pallone-mirando-el-cielo-30x40-recortada-600x803.jpg 600w, https:\/\/despertares.ar\/publicaciones\/wp-content\/uploads\/2026\/08\/cuadro-sandra-pallone-mirando-el-cielo-30x40-recortada-900x1204.jpg 900w, https:\/\/despertares.ar\/publicaciones\/wp-content\/uploads\/2026\/08\/cuadro-sandra-pallone-mirando-el-cielo-30x40-recortada-scaled.jpg 1914w\" sizes=\"auto, (max-width: 765px) 100vw, 765px\" \/><\/figure>\n\n\n\n<figure class=\"wp-block-image size-large\"><img loading=\"lazy\" decoding=\"async\" width=\"1024\" height=\"767\" data-id=\"5312\" src=\"https:\/\/despertares.ar\/publicaciones\/wp-content\/uploads\/2026\/08\/cuadro-sandra-pallone-vean-40x30-recortada-1024x767.jpg\" alt=\"Foto: Cuadro Vean! por Sandra Pallone\" class=\"wp-image-5312\" srcset=\"https:\/\/despertares.ar\/publicaciones\/wp-content\/uploads\/2026\/08\/cuadro-sandra-pallone-vean-40x30-recortada-1024x767.jpg 1024w, https:\/\/despertares.ar\/publicaciones\/wp-content\/uploads\/2026\/08\/cuadro-sandra-pallone-vean-40x30-recortada-300x225.jpg 300w, https:\/\/despertares.ar\/publicaciones\/wp-content\/uploads\/2026\/08\/cuadro-sandra-pallone-vean-40x30-recortada-768x575.jpg 768w, https:\/\/despertares.ar\/publicaciones\/wp-content\/uploads\/2026\/08\/cuadro-sandra-pallone-vean-40x30-recortada-1536x1150.jpg 1536w, https:\/\/despertares.ar\/publicaciones\/wp-content\/uploads\/2026\/08\/cuadro-sandra-pallone-vean-40x30-recortada-2048x1534.jpg 2048w, https:\/\/despertares.ar\/publicaciones\/wp-content\/uploads\/2026\/08\/cuadro-sandra-pallone-vean-40x30-recortada-100x75.jpg 100w, https:\/\/despertares.ar\/publicaciones\/wp-content\/uploads\/2026\/08\/cuadro-sandra-pallone-vean-40x30-recortada-150x112.jpg 150w, https:\/\/despertares.ar\/publicaciones\/wp-content\/uploads\/2026\/08\/cuadro-sandra-pallone-vean-40x30-recortada-200x150.jpg 200w, https:\/\/despertares.ar\/publicaciones\/wp-content\/uploads\/2026\/08\/cuadro-sandra-pallone-vean-40x30-recortada-450x337.jpg 450w, https:\/\/despertares.ar\/publicaciones\/wp-content\/uploads\/2026\/08\/cuadro-sandra-pallone-vean-40x30-recortada-600x449.jpg 600w, https:\/\/despertares.ar\/publicaciones\/wp-content\/uploads\/2026\/08\/cuadro-sandra-pallone-vean-40x30-recortada-900x674.jpg 900w\" sizes=\"auto, (max-width: 1024px) 100vw, 1024px\" \/><\/figure>\n<\/figure>\n<\/div><\/div>\n\n\n\n<div style=\"height:100px\" aria-hidden=\"true\" class=\"wp-block-spacer\"><\/div>\n\n\n\n<div class=\"wp-block-group\"><div class=\"wp-block-group__inner-container is-layout-constrained wp-block-group-is-layout-constrained\">\n<h2 class=\"wp-block-heading has-text-align-center\">MIS CREACIONES<\/h2>\n\n\n\n<ul class=\"wp-block-list\">\n<li><a href=\"https:\/\/despertares.ar\/publicaciones\/160\">Despertares<\/a><\/li>\n\n\n\n<li><a href=\"https:\/\/despertares.ar\/publicaciones\/producto\/metodo-taim\" data-type=\"product\" data-id=\"5023\">M\u00e9todo TAIM<\/a><\/li>\n<\/ul>\n<\/div><\/div>\n\n\n\n<div style=\"height:100px\" aria-hidden=\"true\" class=\"wp-block-spacer\"><\/div>\n\n\n\n<div class=\"wp-block-group\"><div class=\"wp-block-group__inner-container is-layout-constrained wp-block-group-is-layout-constrained\">\n<h2 class=\"wp-block-heading has-text-align-center\">RADIO<\/h2>\n\n\n\n<p class=\"wp-block-paragraph\" id=\"isPasted\">Mi comienzo en la radio fue para transmitir el cambio de consciencia, con diferentes invitados nacionales e internacionales sobre los siguientes medios:<\/p>\n\n\n\n<ul class=\"wp-block-list\">\n<li><a href=\"https:\/\/mgradio.com.ar\">MG Radio<\/a>, noviembre del 2020 a agosto del 2023<\/li>\n\n\n\n<li><a href=\"https:\/\/radiomonk.com.ar\">Radio Monk<\/a>, septiembre del 2023 a noviembre del 2024<\/li>\n\n\n\n<li>Desde Casa, diciembre 2024 hasta hoy<\/li>\n<\/ul>\n<\/div><\/div>\n\n\n\n<div style=\"height:100px\" aria-hidden=\"true\" class=\"wp-block-spacer\"><\/div>\n\n\n\n<div class=\"wp-block-group\"><div class=\"wp-block-group__inner-container is-layout-constrained wp-block-group-is-layout-constrained\">\n<h2 class=\"wp-block-heading has-text-align-center\">PARTICIPACIONES<\/h2>\n\n\n\n<ul class=\"wp-block-list\">\n<li><a href=\"https:\/\/www.youtube.com\/watch?v=PL7vDDZ17oM\">\u00daltima nota del a\u00f1o 2025 en Somos Libres TV con Silvina y Julia<\/a><\/li>\n\n\n\n<li><a href=\"https:\/\/www.youtube.com\/watch?v=eDNGa85ZdIM\">Portal 111 en Somos Libres TV con la conducci\u00f3n de Silvina y Julia<\/a><\/li>\n\n\n\n<li><a href=\"https:\/\/www.youtube.com\/watch?v=smOyq7M4qTY\">Meditaci\u00f3n toroidal con Elena Fortabat en su programa Elena F emitido por Somos AMBA<\/a><\/li>\n\n\n\n<li><a href=\"https:\/\/www.youtube.com\/watch?v=2_OPyHJhQ28\">Meditar con el pulso en Somos Libres TV con Silvina y Julia<\/a><\/li>\n\n\n\n<li><a href=\"https:\/\/www.youtube.com\/watch?v=DG1Hg8v1yyk\">Cargas emocionales en Somos Libres TV con Silvina y Julia<\/a><\/li>\n\n\n\n<li><a href=\"https:\/\/www.youtube.com\/watch?v=v-Q9kDdVLAk\">5D en Somos Libres TV con Silvina<\/a><\/li>\n\n\n\n<li><a href=\"https:\/\/www.youtube.com\/watch?v=8k1f3E0OCSo\">Agua solar en Somos Libres TV con Silvina<\/a><\/li>\n\n\n\n<li><a href=\"https:\/\/www.youtube.com\/watch?v=yZu-eOn-bLk\">En Somos Libres TV con Silvina<\/a><\/li>\n\n\n\n<li><a href=\"https:\/\/www.youtube.com\/watch?v=7CxlHziY70c\">Meditaci\u00f3n toroidal en Somos Libres TV con Silvina<\/a><\/li>\n\n\n\n<li><a href=\"https:\/\/www.youtube.com\/watch?v=ZLKGbKAzCVQ\">En Somos Libres TV<\/a><\/li>\n\n\n\n<li><a href=\"https:\/\/youtu.be\/CtgRKgtuqaY\">Invitada en Radio Coaching<\/a><\/li>\n\n\n\n<li><a href=\"https:\/\/youtu.be\/P696SmcmgsA\">EEI COSTA RICA 2024, Ponente Nora Ga, con portal 888<\/a><\/li>\n\n\n\n<li><a href=\"https:\/\/www.youtube.com\/watch?v=q3fcA3pFnjY\">Ponencia en la Universidad UTIE, transforma tus creencias limitantes<\/a><\/li>\n<\/ul>\n<\/div><\/div>\n\n\n\n<p class=\"wp-block-paragraph\" id=\"isPasted\">Tambi\u00e9n hice talleres de Ho\u2019oponopono, de healing, constelaciones, y muchas m\u00e1s.<\/p>\n\n\n\n<div style=\"height:100px\" aria-hidden=\"true\" class=\"wp-block-spacer\"><\/div>\n\n\n\n<div class=\"wp-block-group\"><div class=\"wp-block-group__inner-container is-layout-constrained wp-block-group-is-layout-constrained\">\n<h2 class=\"wp-block-heading has-text-align-center\">AGUA SOLARIZADA<\/h2>\n\n\n<div class=\"wp-block-image\">\n<figure class=\"aligncenter size-full is-resized\"><img decoding=\"async\" src=\"https:\/\/despertares.ar\/publicaciones\/wp-content\/uploads\/2024\/11\/agua-solar-botellon.jpg\" alt=\"\" class=\"wp-image-374\" style=\"width:349px;height:auto\"\/><\/figure>\n<\/div>\n\n\n<p class=\"wp-block-paragraph\">Preparamos con una botella azul oscuro ,la llenamos de agua y colocamos en el sol por 20 minutos.<\/p>\n\n\n\n<p class=\"wp-block-paragraph\">Los rayos infrarrojos al atravesar el azul de la botella calientan las mol\u00e9culas del agua y esta toma vida, eliminando cualquier tipo de bacteria, cloro, el efecto es asombroso, el sol provoca un grado de 5000 a 5500 K (kelvin) y se transforma en 7000 K, y eleva su graduaci\u00f3n a la tierra en el momento de su creaci\u00f3n.<\/p>\n\n\n\n<p class=\"wp-block-paragraph\">Entonces el agua al dinamizarse, transmutarse, recupera su memoria ancestral y potencia en nuestro cuerpo limpiando y borrando memorias.<\/p>\n\n\n\n<p class=\"wp-block-paragraph\">Puedas trasvasar el agua a un botellon de 5 litros de pl\u00e1stico as\u00ed siempre tienes agua, y la puedes utilizar bebiendo la todos los dias con la intencion de limpiar e intencionar , tambien regar las plantas , pon para lavar verduras y frutas y tambien notaras diferencias con el agua comun., y en todo lo utilizable y ver los cambios, puedes utilizar en todo hasta para limpiar los pisos, pon un chorro en el agua comun y en el balde y todo cambia<\/p>\n\n\n\n<p class=\"wp-block-paragraph\">Aqu\u00ed tienes como la energia hierve dentro de ella es bellisimo, y ademas comprenderas como el sol la fuente trabaja.<\/p>\n<\/div><\/div>\n","protected":false},"excerpt":{"rendered":"<p>\u00a1Aloha!, soy Nora, sagitariana con ascendente en Acuario, transitando como muchos, historias de vida\u2026<\/p>\n<p>Al tener una enfermedad al limite en el 2014 hizo comenzar mi despertar de consciencia, y de all\u00ed, mi consciencia comenz\u00f3 a preguntarse, \u00bfque hago en este planeta y que hago con mi vida?, decidi explorar, leer, estudiar, desde lo autodidactico y comprender como se conforma la consciencia , todo lo que vamos experimentando en la vida y en el dia a dia.<\/p>\n<p>Agradecer cada amanacer: es la gratitud del comenzar a comprender, mi yo soy, yo soy el que soy, es la esencia divina desde eones de vidas.<\/p>\n<p>Elevar las frecuencias de mi ser, cayendo, levantandome y dejando muchas tristezas, culpas, y darme cuenta, que soy yo misma la creadora de todo mi campo y asi ser un rio catalizador de frecuencias.<\/p>\n<p>Y asi estar al servicio a todas las personas que transitan a traves de &nbsp;las terapias alternativas, holisticas , y llevarnos a la ense\u00f1anza de ser uno con el universo y trascender nuestro cuerpo denso fisico en elevacion de frecuencias, para este planeta Gaia, Urantia, Terra , Tierra, &nbsp;que va evolucionando.<\/p>\n<p>Todo es, todo somos, en unidad<\/p>\n<h2 class=\"wp-block-heading has-text-align-center\">TRABAJO INTERNO<\/h2>\n<p>En estas fotos ver\u00e1n las frecuencias que entran en mi cuerpo, enviadas por el sol, en fotones creando el campo electromagn\u00e9tico.<\/p>\n<p>Las frecuencias, vibraci\u00f3n, son lo que somos, es importante elevar en nuestro campo y elevar mas en meditaci\u00f3n toroidal y ciclos de nuestras vidas, van cambiando cuando estamos en introspecci\u00f3n al ser uno.<\/p>\n<p>En meditaci\u00f3n o cuando uno duerme el cuerpo sigue su labor en otras esferas, planos, dimensiones y nos env\u00edan esos c\u00f3digos para plasmar en nosotros o plasmar en personas que deban ser asistidas para su sanaci\u00f3n.<\/p>\n","protected":false},"author":2,"featured_media":0,"parent":0,"menu_order":0,"comment_status":"closed","ping_status":"closed","template":"","meta":{"footnotes":""},"class_list":["post-191","page","type-page","status-publish","hentry"],"_links":{"self":[{"href":"https:\/\/despertares.ar\/publicaciones\/wp-json\/wp\/v2\/pages\/191","targetHints":{"allow":["GET"]}}],"collection":[{"href":"https:\/\/despertares.ar\/publicaciones\/wp-json\/wp\/v2\/pages"}],"about":[{"href":"https:\/\/despertares.ar\/publicaciones\/wp-json\/wp\/v2\/types\/page"}],"author":[{"embeddable":true,"href":"https:\/\/despertares.ar\/publicaciones\/wp-json\/wp\/v2\/users\/2"}],"replies":[{"embeddable":true,"href":"https:\/\/despertares.ar\/publicaciones\/wp-json\/wp\/v2\/comments?post=191"}],"version-history":[{"count":83,"href":"https:\/\/despertares.ar\/publicaciones\/wp-json\/wp\/v2\/pages\/191\/revisions"}],"predecessor-version":[{"id":5360,"href":"https:\/\/despertares.ar\/publicaciones\/wp-json\/wp\/v2\/pages\/191\/revisions\/5360"}],"wp:attachment":[{"href":"https:\/\/despertares.ar\/publicaciones\/wp-json\/wp\/v2\/media?parent=191"}],"curies":[{"name":"wp","href":"https:\/\/api.w.org\/{rel}","templated":true}]}}